{"id":13480,"date":"2022-02-22T14:29:58","date_gmt":"2022-02-22T14:29:58","guid":{"rendered":"https:\/\/aims.cat\/?page_id=13480"},"modified":"2025-11-18T10:49:32","modified_gmt":"2025-11-18T10:49:32","slug":"mario-caroli","status":"publish","type":"page","link":"https:\/\/aims.cat\/ca\/aims-academia-de-vent\/professorat\/mario-caroli\/","title":{"rendered":"Mario Caroli"},"content":{"rendered":"<p>[et_pb_section fb_built=&#8221;1&#8243; custom_padding_last_edited=&#8221;on|desktop&#8221; _builder_version=&#8221;4.16&#8243; custom_padding_tablet=&#8221;50px|0|50px|0&#8243; custom_padding_phone=&#8221;&#8221; custom_css_main_element=&#8221;padding-bottom:0px;&#8221; transparent_background=&#8221;off&#8221; padding_mobile=&#8221;off&#8221; global_colors_info=&#8221;{}&#8221;][et_pb_row _builder_version=&#8221;4.16&#8243; background_size=&#8221;initial&#8221; background_position=&#8221;top_left&#8221; background_repeat=&#8221;repeat&#8221; global_colors_info=&#8221;{}&#8221;][et_pb_column type=&#8221;4_4&#8243; _builder_version=&#8221;4.16&#8243; custom_padding=&#8221;|||&#8221; global_colors_info=&#8221;{}&#8221; custom_padding__hover=&#8221;|||&#8221;][et_pb_post_title meta=&#8221;off&#8221; featured_image=&#8221;off&#8221; text_color=&#8221;light&#8221; text_background=&#8221;on&#8221; text_bg_color=&#8221;#222222&#8243; admin_label=&#8221;T\u00edtulo de publicaci\u00f3n&#8221; _builder_version=&#8221;4.16&#8243; title_font_size=&#8221;18px&#8221; title_all_caps=&#8221;off&#8221; background_color=&#8221;rgba(255,255,255,0)&#8221; parallax=&#8221;on&#8221; parallax_method=&#8221;off&#8221; parallax_effect=&#8221;on&#8221; module_bg_color=&#8221;rgba(255,255,255,0)&#8221; global_colors_info=&#8221;{}&#8221;][\/et_pb_post_title][\/et_pb_column][\/et_pb_row][\/et_pb_section][et_pb_section fb_built=&#8221;1&#8243; custom_padding_last_edited=&#8221;on|desktop&#8221; _builder_version=&#8221;4.16&#8243; custom_padding_tablet=&#8221;50px|0|50px|0&#8243; custom_padding_phone=&#8221;&#8221; custom_css_main_element=&#8221;padding-top:0px;&#8221; transparent_background=&#8221;off&#8221; padding_mobile=&#8221;off&#8221; global_colors_info=&#8221;{}&#8221;][et_pb_row column_structure=&#8221;2_3,1_3&#8243; _builder_version=&#8221;4.16&#8243; background_size=&#8221;initial&#8221; background_position=&#8221;top_left&#8221; background_repeat=&#8221;repeat&#8221; global_colors_info=&#8221;{}&#8221;][et_pb_column type=&#8221;2_3&#8243; _builder_version=&#8221;4.16&#8243; custom_padding=&#8221;|||&#8221; global_colors_info=&#8221;{}&#8221; custom_padding__hover=&#8221;|||&#8221;][et_pb_image src=&#8221;https:\/\/aims.cat\/wp-content\/uploads\/2022\/02\/01-scaled.jpg&#8221; title_text=&#8221;01&#8243; show_in_lightbox=&#8221;on&#8221; align_tablet=&#8221;center&#8221; align_phone=&#8221;&#8221; align_last_edited=&#8221;on|desktop&#8221; admin_label=&#8221;Image&#8221; _builder_version=&#8221;4.16&#8243; z_index_tablet=&#8221;500&#8243; box_shadow_horizontal_tablet=&#8221;0px&#8221; box_shadow_vertical_tablet=&#8221;0px&#8221; box_shadow_blur_tablet=&#8221;40px&#8221; box_shadow_spread_tablet=&#8221;0px&#8221; global_colors_info=&#8221;{}&#8221;][\/et_pb_image][\/et_pb_column][et_pb_column type=&#8221;1_3&#8243; _builder_version=&#8221;4.16&#8243; custom_padding=&#8221;|||&#8221; global_colors_info=&#8221;{}&#8221; custom_padding__hover=&#8221;|||&#8221;][et_pb_button button_url=&#8221;https:\/\/aims.cat\/ca\/aims-academia-de-vent\/formulari-inscripcio\/&#8221; button_text=&#8221;Registration form&#8221; button_alignment=&#8221;left&#8221; _builder_version=&#8221;4.19.0&#8243; custom_button=&#8221;on&#8221; button_text_size=&#8221;13px&#8221; button_text_color=&#8221;#000000&#8243; button_bg_color=&#8221;#eeeeee&#8221; button_border_color=&#8221;#eeeeee&#8221; button_icon=&#8221;&#x6c;||divi||400&#8243; button_icon_placement=&#8221;left&#8221; button_on_hover=&#8221;off&#8221; button_text_size_last_edited=&#8221;off|desktop&#8221; z_index_tablet=&#8221;500&#8243; button_text_shadow_horizontal_length_tablet=&#8221;0px&#8221; button_text_shadow_vertical_length_tablet=&#8221;0px&#8221; button_text_shadow_blur_strength_tablet=&#8221;1px&#8221; box_shadow_horizontal_tablet=&#8221;0px&#8221; box_shadow_vertical_tablet=&#8221;0px&#8221; box_shadow_blur_tablet=&#8221;40px&#8221; box_shadow_spread_tablet=&#8221;0px&#8221; saved_tabs=&#8221;all&#8221; global_colors_info=&#8221;{}&#8221; button_text_size__hover_enabled=&#8221;off&#8221; button_text_size__hover=&#8221;null&#8221; button_one_text_size__hover_enabled=&#8221;off&#8221; button_one_text_size__hover=&#8221;null&#8221; button_two_text_size__hover_enabled=&#8221;off&#8221; button_two_text_size__hover=&#8221;null&#8221; button_text_color__hover_enabled=&#8221;on&#8221; button_text_color__hover=&#8221;#ffffff&#8221; button_one_text_color__hover_enabled=&#8221;off&#8221; button_one_text_color__hover=&#8221;null&#8221; button_two_text_color__hover_enabled=&#8221;off&#8221; button_two_text_color__hover=&#8221;null&#8221; button_border_width__hover_enabled=&#8221;off&#8221; button_border_width__hover=&#8221;null&#8221; button_one_border_width__hover_enabled=&#8221;off&#8221; button_one_border_width__hover=&#8221;null&#8221; button_two_border_width__hover_enabled=&#8221;off&#8221; button_two_border_width__hover=&#8221;null&#8221; button_border_color__hover_enabled=&#8221;on&#8221; button_border_color__hover=&#8221;#ea4951&#8243; button_one_border_color__hover_enabled=&#8221;off&#8221; button_one_border_color__hover=&#8221;null&#8221; button_two_border_color__hover_enabled=&#8221;off&#8221; button_two_border_color__hover=&#8221;null&#8221; button_border_radius__hover_enabled=&#8221;off&#8221; button_border_radius__hover=&#8221;null&#8221; button_one_border_radius__hover_enabled=&#8221;off&#8221; button_one_border_radius__hover=&#8221;null&#8221; button_two_border_radius__hover_enabled=&#8221;off&#8221; button_two_border_radius__hover=&#8221;null&#8221; button_letter_spacing__hover_enabled=&#8221;off&#8221; button_letter_spacing__hover=&#8221;null&#8221; button_one_letter_spacing__hover_enabled=&#8221;off&#8221; button_one_letter_spacing__hover=&#8221;null&#8221; button_two_letter_spacing__hover_enabled=&#8221;off&#8221; button_two_letter_spacing__hover=&#8221;null&#8221; button_bg_color__hover_enabled=&#8221;on&#8221; button_bg_color__hover=&#8221;#ea4951&#8243; button_one_bg_color__hover_enabled=&#8221;off&#8221; button_one_bg_color__hover=&#8221;null&#8221; button_two_bg_color__hover_enabled=&#8221;off&#8221; button_two_bg_color__hover=&#8221;null&#8221;][\/et_pb_button][et_pb_text admin_label=&#8221;Highlights&#8221; module_class=&#8221;highlights&#8221; _builder_version=&#8221;4.18.0&#8243; background_size=&#8221;initial&#8221; background_position=&#8221;top_left&#8221; background_repeat=&#8221;repeat&#8221; module_alignment=&#8221;left&#8221; z_index_tablet=&#8221;500&#8243; text_text_shadow_horizontal_length_tablet=&#8221;0px&#8221; text_text_shadow_vertical_length_tablet=&#8221;0px&#8221; text_text_shadow_blur_strength_tablet=&#8221;1px&#8221; link_text_shadow_horizontal_length_tablet=&#8221;0px&#8221; link_text_shadow_vertical_length_tablet=&#8221;0px&#8221; link_text_shadow_blur_strength_tablet=&#8221;1px&#8221; ul_text_shadow_horizontal_length_tablet=&#8221;0px&#8221; ul_text_shadow_vertical_length_tablet=&#8221;0px&#8221; ul_text_shadow_blur_strength_tablet=&#8221;1px&#8221; ol_text_shadow_horizontal_length_tablet=&#8221;0px&#8221; ol_text_shadow_vertical_length_tablet=&#8221;0px&#8221; ol_text_shadow_blur_strength_tablet=&#8221;1px&#8221; quote_text_shadow_horizontal_length_tablet=&#8221;0px&#8221; quote_text_shadow_vertical_length_tablet=&#8221;0px&#8221; quote_text_shadow_blur_strength_tablet=&#8221;1px&#8221; header_text_shadow_horizontal_length_tablet=&#8221;0px&#8221; header_text_shadow_vertical_length_tablet=&#8221;0px&#8221; header_text_shadow_blur_strength_tablet=&#8221;1px&#8221; header_2_text_shadow_horizontal_length_tablet=&#8221;0px&#8221; header_2_text_shadow_vertical_length_tablet=&#8221;0px&#8221; header_2_text_shadow_blur_strength_tablet=&#8221;1px&#8221; header_3_text_shadow_horizontal_length_tablet=&#8221;0px&#8221; header_3_text_shadow_vertical_length_tablet=&#8221;0px&#8221; header_3_text_shadow_blur_strength_tablet=&#8221;1px&#8221; header_4_text_shadow_horizontal_length_tablet=&#8221;0px&#8221; header_4_text_shadow_vertical_length_tablet=&#8221;0px&#8221; header_4_text_shadow_blur_strength_tablet=&#8221;1px&#8221; header_5_text_shadow_horizontal_length_tablet=&#8221;0px&#8221; header_5_text_shadow_vertical_length_tablet=&#8221;0px&#8221; header_5_text_shadow_blur_strength_tablet=&#8221;1px&#8221; header_6_text_shadow_horizontal_length_tablet=&#8221;0px&#8221; header_6_text_shadow_vertical_length_tablet=&#8221;0px&#8221; header_6_text_shadow_blur_strength_tablet=&#8221;1px&#8221; box_shadow_horizontal_tablet=&#8221;0px&#8221; box_shadow_vertical_tablet=&#8221;0px&#8221; box_shadow_blur_tablet=&#8221;40px&#8221; box_shadow_spread_tablet=&#8221;0px&#8221; global_colors_info=&#8221;{}&#8221;]<\/p>\n<h3>Flauta<\/h3>\n<h3>Professor <span lang=\"CA\">a la Musikhochschule a Freiburg<\/span><\/h3>\n<h3>AIMS Acad\u00e8mia 2026 Del 15 al 24 d&#8217;agost<\/h3>\n<p>[\/et_pb_text][\/et_pb_column][\/et_pb_row][et_pb_row _builder_version=&#8221;4.16&#8243; background_size=&#8221;initial&#8221; background_position=&#8221;top_left&#8221; background_repeat=&#8221;repeat&#8221; global_colors_info=&#8221;{}&#8221;][et_pb_column type=&#8221;4_4&#8243; _builder_version=&#8221;4.16&#8243; custom_padding=&#8221;|||&#8221; global_colors_info=&#8221;{}&#8221; custom_padding__hover=&#8221;|||&#8221;][et_pb_text admin_label=&#8221;Texto&#8221; _builder_version=&#8221;4.16&#8243; background_size=&#8221;initial&#8221; background_position=&#8221;top_left&#8221; background_repeat=&#8221;repeat&#8221; module_alignment=&#8221;left&#8221; z_index_tablet=&#8221;500&#8243; text_text_shadow_horizontal_length_tablet=&#8221;0px&#8221; text_text_shadow_vertical_length_tablet=&#8221;0px&#8221; text_text_shadow_blur_strength_tablet=&#8221;1px&#8221; link_text_shadow_horizontal_length_tablet=&#8221;0px&#8221; link_text_shadow_vertical_length_tablet=&#8221;0px&#8221; link_text_shadow_blur_strength_tablet=&#8221;1px&#8221; ul_text_shadow_horizontal_length_tablet=&#8221;0px&#8221; ul_text_shadow_vertical_length_tablet=&#8221;0px&#8221; ul_text_shadow_blur_strength_tablet=&#8221;1px&#8221; ol_text_shadow_horizontal_length_tablet=&#8221;0px&#8221; ol_text_shadow_vertical_length_tablet=&#8221;0px&#8221; ol_text_shadow_blur_strength_tablet=&#8221;1px&#8221; quote_text_shadow_horizontal_length_tablet=&#8221;0px&#8221; quote_text_shadow_vertical_length_tablet=&#8221;0px&#8221; quote_text_shadow_blur_strength_tablet=&#8221;1px&#8221; header_text_shadow_horizontal_length_tablet=&#8221;0px&#8221; header_text_shadow_vertical_length_tablet=&#8221;0px&#8221; header_text_shadow_blur_strength_tablet=&#8221;1px&#8221; header_2_text_shadow_horizontal_length_tablet=&#8221;0px&#8221; header_2_text_shadow_vertical_length_tablet=&#8221;0px&#8221; header_2_text_shadow_blur_strength_tablet=&#8221;1px&#8221; header_3_text_shadow_horizontal_length_tablet=&#8221;0px&#8221; header_3_text_shadow_vertical_length_tablet=&#8221;0px&#8221; header_3_text_shadow_blur_strength_tablet=&#8221;1px&#8221; header_4_text_shadow_horizontal_length_tablet=&#8221;0px&#8221; header_4_text_shadow_vertical_length_tablet=&#8221;0px&#8221; header_4_text_shadow_blur_strength_tablet=&#8221;1px&#8221; header_5_text_shadow_horizontal_length_tablet=&#8221;0px&#8221; header_5_text_shadow_vertical_length_tablet=&#8221;0px&#8221; header_5_text_shadow_blur_strength_tablet=&#8221;1px&#8221; header_6_text_shadow_horizontal_length_tablet=&#8221;0px&#8221; header_6_text_shadow_vertical_length_tablet=&#8221;0px&#8221; header_6_text_shadow_blur_strength_tablet=&#8221;1px&#8221; box_shadow_horizontal_tablet=&#8221;0px&#8221; box_shadow_vertical_tablet=&#8221;0px&#8221; box_shadow_blur_tablet=&#8221;40px&#8221; box_shadow_spread_tablet=&#8221;0px&#8221; global_colors_info=&#8221;{}&#8221;]<\/p>\n<p class=\"x_MsoNormal\">Mario Caroli va comen\u00e7ar la seva formaci\u00f3 musical als 14 anys i va obtenir el seu diploma de solista als 19 anys. Va estudiar amb Annamaria Morini a Bolonya i Manuela Wiesler a Viena. Despr\u00e9s, a l&#8217;edat de 22 anys, va guanyar el cobejat Premi Internacional Kranichsteiner a Darmstadt i va comen\u00e7ar una carrera molt reeixida com a flautista solista. La seva activitat comen\u00e7a, subseg\u00fcent al Premi de Darmstadt, com un patrocinador de la m\u00fasica contempor\u00e0nia: la seva fama va cr\u00e9ixer r\u00e0pidament i es va convertir en l&#8217;int\u00e8rpret preferit de molts dels grans compositors vius. Salvatore Sciarrino, Gy\u00f6rgy Kurtag, Do\u00efna Rotaru, Toshio Hosokawa, Ivan Fedele, Olga Neuwirth, Philippe Hurel, Wolfgang Rihm i molts altres van escriure per a ell belles obres per a flauta sola, aix\u00ed com nous concerts per a la flauta, que contribueixen a ampliar la literatura de l\u2019instrument. Anys m\u00e9s tard, la seva carrera va retornar a tot el repertori, sense distinci\u00f3 d&#8217;estils i \u00e8poques hist\u00f2riques. Com a figura \u00fanica entre els flautistes d&#8217;avui, Mario Caroli \u00e9s un dels escassos artistes capa\u00e7os de passar de la composici\u00f3 m\u00e9s cl\u00e0ssica a la pe\u00e7a contempor\u00e0nia m\u00e9s extrema, amb el mateix virtuosisme viu, personalitat vibrant i un rigor\u00f3s enfocament tant anal\u00edtic com est\u00e8tic.<\/p>\n<p class=\"x_MsoNormal\">Els cr\u00edtics no van dubtar a qualificar-lo com a \u201cfenomen\u201d per les seves refrescants interpretacions de Bach, Schubert o Debussy i el \u201cNew York Times\u201d va escriure que \u201ct\u00e9 un so que vols beure\u201d. Mario Caroli ha aparegut com a solista convidat amb moltes orquestres prestigioses, com la Philharmonia Orchestra a Londres, l\u2019Orchestre Philharmonique de R\u00e0dio France a Par\u00eds, la T\u00f2quio Philharmonic, la T\u00f2quio Metropolitan i la T\u00f2quio Sinfonietta a T\u00f2quio, la SWR i WDR Radiosinfonieorchester de Stuttgart i Col\u00f2nia, l\u2019Orquestra Nacional de Brussel\u00b7les, l\u2019Orquestra Nacional de la R\u00e0dio Italiana a Torino, l\u2019Orquestra Simf\u00f2nica de la R\u00e0dio Grega a Atenes, la Basilea Sinfonietta, l\u2019Orquestra Simf\u00f2nica d&#8217;Isl\u00e0ndia a Reykjavik, la Sofia Soloists, la Mozart Kammerphilharmonie, les Orquestres dels Teatres de l&#8217;\u00d2pera de Stutt Rouen, Bari, Cagliari, les Orquestres Filharm\u00f2niques d&#8217;Estrasburg, Ni\u00e7a, Montecarlo, Les Percussions de Strasbourg, l&#8217;Ensemble Contrechamps de Ginebra, el Neue Vocalsolisten Stuttgart, sota la direcci\u00f3, entre d&#8217;altres, de Pierre Boulez, Peter E\u00f6tv\u00f6s i Kazushi Ono.<\/p>\n<p class=\"x_MsoNormal\"><span lang=\"CA\">Present als festivals m\u00e9s grans del m\u00f3n, Mario Caroli ha actuat a la Berliner and K\u00f6lner Philharmonie, al Concertgebouw d&#8217;Amsterdam, al Royal Festival Hall de Londres, al Suntory Hall de T\u00f2quio, al Lincoln Center de Nova York, a l&#8217;Scala a Mil\u00e0, el Palais des Beaux Arts a Brussel\u00b7les, el Megaron a Atenes, l&#8217;Herkulessaal a M\u00fcnich, al Th\u00e9\u00e2tre du Ch\u00e2telet a Par\u00eds i a la Cit\u00e9 de la Musique a Estrasburg. Ha enregistrat m\u00e9s de 40 Cds, incloent-hi moltes estrenes mundials importants, aix\u00ed com els grans cl\u00e0ssics del repertori i ha impartit classes magistrals a tot el m\u00f3n. Com a artista cosmopolita i pol\u00edglota, Mario Caroli tamb\u00e9 \u00e9s un dels professors de flauta m\u00e9s demandats actualment. Despr\u00e9s d&#8217;ensenyar 17 anys a Fran\u00e7a, 5 anys a Su\u00efssa, Caroli viu a Estrasburg i \u00e9s professor de flauta a la Musikhochschule a Freiburg, on imparteix una classe internacional de flauta amb molt \u00e8xit.<\/span><\/p>\n<p class=\"x_MsoNormal\"><span lang=\"CA\">Mario Caroli toca una flauta Miyazawa de plat\u00ed.<\/span><\/p>\n<p>\u200b<\/p>\n<p>[\/et_pb_text][\/et_pb_column][\/et_pb_row][\/et_pb_section]<\/p>\n","protected":false},"excerpt":{"rendered":"<p>Flauta Professor a la Musikhochschule a Freiburg AIMS Acad\u00e8mia 2026 Del 15 al 24 d&#8217;agostMario Caroli va comen\u00e7ar la seva formaci\u00f3 musical als 14 anys i va obtenir el seu [&hellip;]<\/p>\n","protected":false},"author":2,"featured_media":0,"parent":4508,"menu_order":0,"comment_status":"closed","ping_status":"closed","template":"","meta":{"_acf_changed":false,"_et_pb_use_builder":"on","_et_pb_old_content":"","_et_gb_content_width":"","footnotes":"","_links_to":"","_links_to_target":""},"class_list":["post-13480","page","type-page","status-publish","hentry"],"acf":[],"_links":{"self":[{"href":"https:\/\/aims.cat\/ca\/wp-json\/wp\/v2\/pages\/13480","targetHints":{"allow":["GET"]}}],"collection":[{"href":"https:\/\/aims.cat\/ca\/wp-json\/wp\/v2\/pages"}],"about":[{"href":"https:\/\/aims.cat\/ca\/wp-json\/wp\/v2\/types\/page"}],"author":[{"embeddable":true,"href":"https:\/\/aims.cat\/ca\/wp-json\/wp\/v2\/users\/2"}],"replies":[{"embeddable":true,"href":"https:\/\/aims.cat\/ca\/wp-json\/wp\/v2\/comments?post=13480"}],"version-history":[{"count":12,"href":"https:\/\/aims.cat\/ca\/wp-json\/wp\/v2\/pages\/13480\/revisions"}],"predecessor-version":[{"id":18119,"href":"https:\/\/aims.cat\/ca\/wp-json\/wp\/v2\/pages\/13480\/revisions\/18119"}],"up":[{"embeddable":true,"href":"https:\/\/aims.cat\/ca\/wp-json\/wp\/v2\/pages\/4508"}],"wp:attachment":[{"href":"https:\/\/aims.cat\/ca\/wp-json\/wp\/v2\/media?parent=13480"}],"curies":[{"name":"wp","href":"https:\/\/api.w.org\/{rel}","templated":true}]}}