{"id":17717,"date":"2025-11-03T09:40:03","date_gmt":"2025-11-03T09:40:03","guid":{"rendered":"https:\/\/aims.cat\/?page_id=17717"},"modified":"2025-11-18T10:13:28","modified_gmt":"2025-11-18T10:13:28","slug":"anna-puig","status":"publish","type":"page","link":"https:\/\/aims.cat\/ca\/anna-puig\/","title":{"rendered":"Anna Puig"},"content":{"rendered":"<p>[et_pb_section fb_built=&#8221;1&#8243; custom_padding_last_edited=&#8221;on|desktop&#8221; _builder_version=&#8221;4.16&#8243; custom_padding_tablet=&#8221;50px|0|50px|0&#8243; custom_padding_phone=&#8221;&#8221; custom_css_main_element=&#8221;padding-bottom:0px;&#8221; transparent_background=&#8221;off&#8221; padding_mobile=&#8221;off&#8221; global_colors_info=&#8221;{}&#8221;][et_pb_row _builder_version=&#8221;4.16&#8243; background_size=&#8221;initial&#8221; background_position=&#8221;top_left&#8221; background_repeat=&#8221;repeat&#8221; global_colors_info=&#8221;{}&#8221;][et_pb_column type=&#8221;4_4&#8243; _builder_version=&#8221;4.16&#8243; custom_padding=&#8221;|||&#8221; global_colors_info=&#8221;{}&#8221; custom_padding__hover=&#8221;|||&#8221;][et_pb_post_title meta=&#8221;off&#8221; featured_image=&#8221;off&#8221; text_color=&#8221;light&#8221; text_background=&#8221;on&#8221; text_bg_color=&#8221;#222222&#8243; admin_label=&#8221;T\u00edtulo de publicaci\u00f3n&#8221; _builder_version=&#8221;4.27.0&#8243; title_font_size=&#8221;18px&#8221; title_all_caps=&#8221;off&#8221; background_color=&#8221;rgba(255,255,255,0)&#8221; parallax=&#8221;on&#8221; parallax_method=&#8221;off&#8221; parallax_effect=&#8221;on&#8221; module_bg_color=&#8221;rgba(255,255,255,0)&#8221; global_colors_info=&#8221;{}&#8221;][\/et_pb_post_title][\/et_pb_column][\/et_pb_row][\/et_pb_section][et_pb_section fb_built=&#8221;1&#8243; custom_padding_last_edited=&#8221;on|desktop&#8221; _builder_version=&#8221;4.16&#8243; custom_padding_tablet=&#8221;50px|0|50px|0&#8243; custom_padding_phone=&#8221;&#8221; custom_css_main_element=&#8221;padding-top:0px;&#8221; transparent_background=&#8221;off&#8221; padding_mobile=&#8221;off&#8221; global_colors_info=&#8221;{}&#8221;][et_pb_row column_structure=&#8221;2_3,1_3&#8243; _builder_version=&#8221;4.16&#8243; background_size=&#8221;initial&#8221; background_position=&#8221;top_left&#8221; background_repeat=&#8221;repeat&#8221; global_colors_info=&#8221;{}&#8221;][et_pb_column type=&#8221;2_3&#8243; _builder_version=&#8221;4.16&#8243; custom_padding=&#8221;|||&#8221; global_colors_info=&#8221;{}&#8221; custom_padding__hover=&#8221;|||&#8221;][et_pb_image src=&#8221;https:\/\/aims.cat\/wp-content\/uploads\/2025\/11\/Anna-Puig_viola-2.jpg&#8221; title_text=&#8221;Anna Puig_viola&#8221; show_in_lightbox=&#8221;on&#8221; align_tablet=&#8221;center&#8221; align_phone=&#8221;&#8221; align_last_edited=&#8221;on|desktop&#8221; _builder_version=&#8221;4.27.0&#8243; animation_direction=&#8221;off&#8221; animation=&#8221;off&#8221; global_colors_info=&#8221;{}&#8221;][\/et_pb_image][\/et_pb_column][et_pb_column type=&#8221;1_3&#8243; _builder_version=&#8221;4.16&#8243; custom_padding=&#8221;|||&#8221; global_colors_info=&#8221;{}&#8221; custom_padding__hover=&#8221;|||&#8221;][et_pb_button button_url=&#8221;https:\/\/aims.cat\/aims-string-academy\/registration-payment\/&#8221; button_text=&#8221;Registration form&#8221; button_alignment=&#8221;left&#8221; _builder_version=&#8221;4.27.0&#8243; custom_button=&#8221;on&#8221; button_text_size=&#8221;13&#8243; button_text_color=&#8221;#000000&#8243; button_bg_color=&#8221;#eeeeee&#8221; button_border_color=&#8221;#eeeeee&#8221; button_icon=&#8221;&#x6c;||divi||400&#8243; button_icon_placement=&#8221;left&#8221; button_on_hover=&#8221;off&#8221; button_text_size_last_edited=&#8221;off|desktop&#8221; button_text_color_hover=&#8221;#ffffff&#8221; button_border_color_hover=&#8221;#ea4951&#8243; button_bg_color_hover=&#8221;#ea4951&#8243; global_colors_info=&#8221;{}&#8221; button_text_size__hover_enabled=&#8221;off&#8221; button_one_text_size__hover_enabled=&#8221;off&#8221; button_two_text_size__hover_enabled=&#8221;off&#8221; button_text_color__hover_enabled=&#8221;on&#8221; button_text_color__hover=&#8221;#ffffff&#8221; button_one_text_color__hover_enabled=&#8221;off&#8221; button_two_text_color__hover_enabled=&#8221;off&#8221; button_border_width__hover_enabled=&#8221;off&#8221; button_one_border_width__hover_enabled=&#8221;off&#8221; button_two_border_width__hover_enabled=&#8221;off&#8221; button_border_color__hover_enabled=&#8221;on&#8221; button_border_color__hover=&#8221;#ea4951&#8243; button_one_border_color__hover_enabled=&#8221;off&#8221; button_two_border_color__hover_enabled=&#8221;off&#8221; button_border_radius__hover_enabled=&#8221;off&#8221; button_one_border_radius__hover_enabled=&#8221;off&#8221; button_two_border_radius__hover_enabled=&#8221;off&#8221; button_letter_spacing__hover_enabled=&#8221;off&#8221; button_one_letter_spacing__hover_enabled=&#8221;off&#8221; button_two_letter_spacing__hover_enabled=&#8221;off&#8221; button_bg_color__hover_enabled=&#8221;on&#8221; button_bg_color__hover=&#8221;#ea4951&#8243; button_one_bg_color__hover_enabled=&#8221;off&#8221; button_two_bg_color__hover_enabled=&#8221;off&#8221;][\/et_pb_button][et_pb_text admin_label=&#8221;Highlights&#8221; module_class=&#8221;highlights&#8221; _builder_version=&#8221;4.27.0&#8243; background_size=&#8221;initial&#8221; background_position=&#8221;top_left&#8221; background_repeat=&#8221;repeat&#8221; module_alignment=&#8221;left&#8221; global_colors_info=&#8221;{}&#8221;]<\/p>\n<h3>Viola<\/h3>\n<h3>Professora de l&#8217;ESMUC i de la Hochschule f\u00fcr Musik de Freiburg<\/h3>\n<h3>Acad\u00e8mia AIMS 2026<br \/>Del 5 al 15 d&#8217;agost<\/h3>\n<p>[\/et_pb_text][\/et_pb_column][\/et_pb_row][et_pb_row _builder_version=&#8221;4.16&#8243; global_colors_info=&#8221;{}&#8221;][et_pb_column type=&#8221;4_4&#8243; _builder_version=&#8221;4.16&#8243; global_colors_info=&#8221;{}&#8221;][et_pb_text admin_label=&#8221;Texto&#8221; _builder_version=&#8221;4.27.0&#8243; background_size=&#8221;initial&#8221; background_position=&#8221;top_left&#8221; background_repeat=&#8221;repeat&#8221; module_alignment=&#8221;left&#8221; global_colors_info=&#8221;{}&#8221; custom_padding=&#8221;||0px|||&#8221;]<\/p>\n<p data-start=\"126\" data-end=\"524\" style=\"text-align: justify;\">Anna Puig \u00e9s una m\u00fasica polifac\u00e8tica, amb una traject\u00f2ria que abasta diversos \u00e0mbits de la interpretaci\u00f3. Apassionada per la m\u00fasica de cambra i pels valors que aquesta representa, combina la seva activitat art\u00edstica amb una intensa tasca pedag\u00f2gica com a professora de viola i m\u00fasica de cambra a l\u2019ESMUC (Escola Superior de M\u00fasica de Catalunya) i a la Hochschule f\u00fcr Musik de Freiburg.<\/p>\n<p data-start=\"526\" data-end=\"1013\" style=\"text-align: justify;\">Des del 2013 \u00e9s viola solista de la Camerata Bern, i entre el 2008 i el 2024 va formar part de la Mahler Chamber Orchestra. Aquestes experi\u00e8ncies han deixat una empremta profunda en la seva visi\u00f3 art\u00edstica, configurant una identitat musical basada en l\u2019escolta activa, la interacci\u00f3 i el respecte. Tamb\u00e9 ha ocupat la pla\u00e7a de viola solista de l\u2019OBC (Orquestra Simf\u00f2nica de Barcelona i Nacional de Catalunya), fet que li ha perm\u00e8s submergir-se en el gran repertori simf\u00f2nic.<\/p>\n<p data-start=\"1015\" data-end=\"1288\" style=\"text-align: justify;\">L\u2019any 2022 va impulsar el Festival Llavors, del qual n\u2019\u00e9s directora art\u00edstica i docent. Aquesta iniciativa vol descentralitzar l\u2019activitat acad\u00e8mica i apropar-la a les Borges Blanques, oferint concerts i tallers que enriqueixen la vida cultural de la comarca.<\/p>\n<p data-start=\"1290\" data-end=\"1653\" style=\"text-align: justify;\">Nascuda a Cervera, l\u2019Anna va comen\u00e7ar els estudis de viola i piano al conservatori de la seva ciutat natal, inspirada pel seu avi patern. M\u00e9s endavant va continuar la seva formaci\u00f3 a Alemanya, a la prestigiosa Hochschule f\u00fcr Musik Hanns Eisler de Berl\u00edn, on va estudiar amb Walter K\u00fcssner i Tabea Zimmermann, a qui professa un profund agra\u00efment.<\/p>\n<p>[\/et_pb_text][\/et_pb_column][\/et_pb_row][\/et_pb_section]<\/p>\n","protected":false},"excerpt":{"rendered":"<p>Viola Professora de l&#8217;ESMUC i de la Hochschule f\u00fcr Musik de Freiburg Acad\u00e8mia AIMS 2026Del 5 al 15 d&#8217;agostAnna Puig \u00e9s una m\u00fasica polifac\u00e8tica, amb una traject\u00f2ria que abasta diversos [&hellip;]<\/p>\n","protected":false},"author":3,"featured_media":0,"parent":0,"menu_order":0,"comment_status":"closed","ping_status":"closed","template":"","meta":{"_acf_changed":false,"_et_pb_use_builder":"on","_et_pb_old_content":"","_et_gb_content_width":"","footnotes":"","_links_to":"","_links_to_target":""},"class_list":["post-17717","page","type-page","status-publish","hentry"],"acf":[],"_links":{"self":[{"href":"https:\/\/aims.cat\/ca\/wp-json\/wp\/v2\/pages\/17717","targetHints":{"allow":["GET"]}}],"collection":[{"href":"https:\/\/aims.cat\/ca\/wp-json\/wp\/v2\/pages"}],"about":[{"href":"https:\/\/aims.cat\/ca\/wp-json\/wp\/v2\/types\/page"}],"author":[{"embeddable":true,"href":"https:\/\/aims.cat\/ca\/wp-json\/wp\/v2\/users\/3"}],"replies":[{"embeddable":true,"href":"https:\/\/aims.cat\/ca\/wp-json\/wp\/v2\/comments?post=17717"}],"version-history":[{"count":6,"href":"https:\/\/aims.cat\/ca\/wp-json\/wp\/v2\/pages\/17717\/revisions"}],"predecessor-version":[{"id":18104,"href":"https:\/\/aims.cat\/ca\/wp-json\/wp\/v2\/pages\/17717\/revisions\/18104"}],"wp:attachment":[{"href":"https:\/\/aims.cat\/ca\/wp-json\/wp\/v2\/media?parent=17717"}],"curies":[{"name":"wp","href":"https:\/\/api.w.org\/{rel}","templated":true}]}}