{"id":10583,"date":"2020-11-09T20:06:18","date_gmt":"2020-11-09T20:06:18","guid":{"rendered":"https:\/\/aims.cat\/?page_id=10583"},"modified":"2022-01-14T17:46:02","modified_gmt":"2022-01-14T17:46:02","slug":"astrid_steinschaden","status":"publish","type":"page","link":"https:\/\/aims.cat\/es\/aims-academia\/profesorado\/astrid_steinschaden\/","title":{"rendered":"Astrid Steinschaden"},"content":{"rendered":"<p>[et_pb_section fb_built=\u00bb1&#8243; custom_padding_last_edited=\u00bbon|desktop\u00bb _builder_version=\u00bb3.22&#8243; custom_padding_tablet=\u00bb50px|0|50px|0&#8243; custom_padding_phone=\u00bb\u00bb custom_css_main_element=\u00bbpadding-bottom:0px;\u00bb transparent_background=\u00bboff\u00bb padding_mobile=\u00bboff\u00bb][et_pb_row _builder_version=\u00bb3.25&#8243; background_size=\u00bbinitial\u00bb background_position=\u00bbtop_left\u00bb background_repeat=\u00bbrepeat\u00bb][et_pb_column type=\u00bb4_4&#8243; _builder_version=\u00bb3.25&#8243; custom_padding=\u00bb|||\u00bb custom_padding__hover=\u00bb|||\u00bb][et_pb_post_title meta=\u00bboff\u00bb featured_image=\u00bboff\u00bb text_color=\u00bblight\u00bb text_background=\u00bbon\u00bb text_bg_color=\u00bb#222222&#8243; admin_label=\u00bbT\u00edtulo de publicaci\u00f3n\u00bb _builder_version=\u00bb3.0.74&#8243; title_font_size=\u00bb18px\u00bb title_all_caps=\u00bboff\u00bb background_color=\u00bbrgba(255,255,255,0)\u00bb parallax=\u00bbon\u00bb parallax_effect=\u00bbon\u00bb module_bg_color=\u00bbrgba(255,255,255,0)\u00bb]<\/p>\n<p>\n&nbsp;<\/p>\n<p>[\/et_pb_post_title][\/et_pb_column][\/et_pb_row][\/et_pb_section][et_pb_section fb_built=\u00bb1&#8243; custom_padding_last_edited=\u00bbon|desktop\u00bb _builder_version=\u00bb3.22&#8243; custom_padding_tablet=\u00bb50px|0|50px|0&#8243; custom_padding_phone=\u00bb\u00bb custom_css_main_element=\u00bbpadding-top:0px;\u00bb transparent_background=\u00bboff\u00bb padding_mobile=\u00bboff\u00bb][et_pb_row column_structure=\u00bb1_3,2_3&#8243; _builder_version=\u00bb3.25&#8243; background_size=\u00bbinitial\u00bb background_position=\u00bbtop_left\u00bb background_repeat=\u00bbrepeat\u00bb][et_pb_column type=\u00bb1_3&#8243; _builder_version=\u00bb3.25&#8243; custom_padding=\u00bb|||\u00bb custom_padding__hover=\u00bb|||\u00bb][et_pb_image src=\u00bbhttps:\/\/aims.cat\/wp-content\/uploads\/2020\/11\/image1-Kopie.jpeg\u00bb title_text=\u00bbimage1 &#8211; Kopie\u00bb show_in_lightbox=\u00bbon\u00bb align_tablet=\u00bbcenter\u00bb align_phone=\u00bb\u00bb align_last_edited=\u00bbon|desktop\u00bb _builder_version=\u00bb4.4.9&#8243; always_center_on_mobile=\u00bbon\u00bb]<\/p>\n<p>\n&nbsp;<\/p>\n<p>[\/et_pb_image][\/et_pb_column][et_pb_column type=\u00bb2_3&#8243; _builder_version=\u00bb3.25&#8243; custom_padding=\u00bb|||\u00bb custom_padding__hover=\u00bb|||\u00bb][et_pb_text admin_label=\u00bbTexto\u00bb _builder_version=\u00bb4.4.9&#8243; background_size=\u00bbinitial\u00bb background_position=\u00bbtop_left\u00bb background_repeat=\u00bbrepeat\u00bb]<\/p>\n<p>Astrid Steinschaden nace en Salzburgo, Austria.<\/p>\n<p>Recibe sus primeras clases de piano a la edad de cinco a\u00f1os con Anton Czjzek. Acaba sus estudios superiores y \u00abMaster-Studies\u00bb en la prestigiosa Universidad \u00abMozarteum\u00bb en Salzburgo con matr\u00edcula de honor, bajo la tutela de Karl-Heinz K\u00e4mmerling y Cordelia H\u00f6fer. Realiza estudios de perfeccionamiento con Stanislav Pochekin en Barcelona.<\/p>\n<p>Astrid es ganadora de concursos internacionales, tanto como solista como con grupos de m\u00fasica de c\u00e1mara y como pianista acompa\u00f1ante.<\/p>\n<p>Realiza conciertos en festivales importantes en Europa y Estados Unidos(Gstaad Sommets Musicaux, Berleburger Musikfestival, Societ\u00e0 di Quartetto di Bergamo, Festival \u201cMax Reger\u201d etc.), y en salas tan famosas como Berliner Philharmonie, Yamaha Center New York, Vaticano di Roma, Mozarteum Salzburg, Conservatorio de San Petersburgo, entre otros.<\/p>\n<p>Trabaja regularmente como pianista acompa\u00f1ante en masterclasses internacionales, como: Internationale Sommerakademie Mozarteum, Curso Internacional de M\u00fasica de Cervera, Internationale Musiktage Bad Leonfelden,<br \/>Bayerischer Tonk\u00fcnstlerverband,etc., trabajando con profesores de la talla de Thomas Riebl, Clemens Hagen, Leonidas Kavakos, Andr\u00e1s Keller, Igor Ozim, Gary Hoffman, Laurentiu Sbarcea, entre muchos otros.<\/p>\n<p>Astrid Steinschaden actualmente es pianista acompa\u00f1ante de cuerda y viento en la Escuela Superior de M\u00fasica de Catalu\u00f1a(ESMUC) y el Conservatorio Superior del Liceu en Barcelona.<\/p>\n<p>&nbsp;<\/p>\n<p>[\/et_pb_text][\/et_pb_column][\/et_pb_row][\/et_pb_section]<\/p>\n","protected":false},"excerpt":{"rendered":"<p>&nbsp; &nbsp;Astrid Steinschaden nace en Salzburgo, Austria. Recibe sus primeras clases de piano a la edad de cinco a\u00f1os con Anton Czjzek. Acaba sus estudios superiores y \u00abMaster-Studies\u00bb en la [&hellip;]<\/p>\n","protected":false},"author":2,"featured_media":0,"parent":1464,"menu_order":0,"comment_status":"closed","ping_status":"closed","template":"","meta":{"_acf_changed":false,"_et_pb_use_builder":"on","_et_pb_old_content":"","_et_gb_content_width":"","footnotes":"","_links_to":"","_links_to_target":""},"class_list":["post-10583","page","type-page","status-publish","hentry"],"acf":[],"_links":{"self":[{"href":"https:\/\/aims.cat\/es\/wp-json\/wp\/v2\/pages\/10583","targetHints":{"allow":["GET"]}}],"collection":[{"href":"https:\/\/aims.cat\/es\/wp-json\/wp\/v2\/pages"}],"about":[{"href":"https:\/\/aims.cat\/es\/wp-json\/wp\/v2\/types\/page"}],"author":[{"embeddable":true,"href":"https:\/\/aims.cat\/es\/wp-json\/wp\/v2\/users\/2"}],"replies":[{"embeddable":true,"href":"https:\/\/aims.cat\/es\/wp-json\/wp\/v2\/comments?post=10583"}],"version-history":[{"count":1,"href":"https:\/\/aims.cat\/es\/wp-json\/wp\/v2\/pages\/10583\/revisions"}],"predecessor-version":[{"id":13073,"href":"https:\/\/aims.cat\/es\/wp-json\/wp\/v2\/pages\/10583\/revisions\/13073"}],"up":[{"embeddable":true,"href":"https:\/\/aims.cat\/es\/wp-json\/wp\/v2\/pages\/1464"}],"wp:attachment":[{"href":"https:\/\/aims.cat\/es\/wp-json\/wp\/v2\/media?parent=10583"}],"curies":[{"name":"wp","href":"https:\/\/api.w.org\/{rel}","templated":true}]}}