{"id":1411,"date":"2016-01-27T09:42:59","date_gmt":"2016-01-27T09:42:59","guid":{"rendered":"https:\/\/aims.cat\/es\/andriy-viytovych\/"},"modified":"2022-01-14T17:23:31","modified_gmt":"2022-01-14T17:23:31","slug":"andriy-viytovych","status":"publish","type":"page","link":"https:\/\/aims.cat\/es\/aims-academia\/profesorado\/andriy-viytovych\/","title":{"rendered":"Andriy Viytovych"},"content":{"rendered":"<p>[et_pb_section fb_built=\u00bb1&#8243; custom_padding_last_edited=\u00bbon|desktop\u00bb _builder_version=\u00bb3.22&#8243; custom_padding_tablet=\u00bb50px|0|50px|0&#8243; custom_padding_phone=\u00bb\u00bb custom_css_main_element=\u00bbpadding-bottom:0px;\u00bb transparent_background=\u00bboff\u00bb padding_mobile=\u00bboff\u00bb][et_pb_row _builder_version=\u00bb3.25&#8243; background_size=\u00bbinitial\u00bb background_position=\u00bbtop_left\u00bb background_repeat=\u00bbrepeat\u00bb][et_pb_column type=\u00bb4_4&#8243; _builder_version=\u00bb3.25&#8243; custom_padding=\u00bb|||\u00bb custom_padding__hover=\u00bb|||\u00bb][et_pb_post_title meta=\u00bboff\u00bb featured_image=\u00bboff\u00bb text_color=\u00bblight\u00bb text_background=\u00bbon\u00bb text_bg_color=\u00bb#222222&#8243; admin_label=\u00bbT\u00edtulo de publicaci\u00f3n\u00bb _builder_version=\u00bb3.0.74&#8243; title_font_size=\u00bb18px\u00bb title_all_caps=\u00bboff\u00bb background_color=\u00bbrgba(255,255,255,0)\u00bb parallax=\u00bbon\u00bb parallax_effect=\u00bbon\u00bb module_bg_color=\u00bbrgba(255,255,255,0)\u00bb][\/et_pb_post_title][\/et_pb_column][\/et_pb_row][\/et_pb_section][et_pb_section fb_built=\u00bb1&#8243; custom_padding_last_edited=\u00bbon|desktop\u00bb _builder_version=\u00bb3.22&#8243; custom_padding_tablet=\u00bb50px|0|50px|0&#8243; custom_padding_phone=\u00bb\u00bb custom_css_main_element=\u00bbpadding-top:0px;\u00bb transparent_background=\u00bboff\u00bb padding_mobile=\u00bboff\u00bb][et_pb_row column_structure=\u00bb2_3,1_3&#8243; _builder_version=\u00bb3.25&#8243; background_size=\u00bbinitial\u00bb background_position=\u00bbtop_left\u00bb background_repeat=\u00bbrepeat\u00bb][et_pb_column type=\u00bb2_3&#8243; _builder_version=\u00bb3.25&#8243; custom_padding=\u00bb|||\u00bb custom_padding__hover=\u00bb|||\u00bb][et_pb_image src=\u00bbhttps:\/\/aims.cat\/wp-content\/uploads\/2016\/02\/Andriy-1101.jpg\u00bb title_text=\u00bbAndriy-1101&#8243; show_in_lightbox=\u00bbon\u00bb align_tablet=\u00bbcenter\u00bb align_phone=\u00bb\u00bb align_last_edited=\u00bbon|desktop\u00bb _builder_version=\u00bb4.9.4&#8243; animation_direction=\u00bboff\u00bb hover_enabled=\u00bb0&#8243; animation=\u00bboff\u00bb sticky_enabled=\u00bb0&#8243;][\/et_pb_image][\/et_pb_column][et_pb_column type=\u00bb1_3&#8243; _builder_version=\u00bb3.25&#8243; custom_padding=\u00bb|||\u00bb custom_padding__hover=\u00bb|||\u00bb][et_pb_button button_url=\u00bbhttps:\/\/aims.cat\/es\/aims-academia\/inscripcion-pago\/\u00bb button_text=\u00bbFormulario de inscripci\u00f3n\u00bb button_alignment=\u00bbleft\u00bb _builder_version=\u00bb4.9.4&#8243; custom_button=\u00bbon\u00bb button_text_size=\u00bb13&#8243; button_text_color=\u00bb#000000&#8243; button_bg_color=\u00bb#eeeeee\u00bb button_border_color=\u00bb#eeeeee\u00bb button_icon=\u00bb%%75%%\u00bb button_icon_placement=\u00bbleft\u00bb button_on_hover=\u00bboff\u00bb hover_enabled=\u00bb0&#8243; button_text_size_last_edited=\u00bboff|desktop\u00bb button_text_color_hover=\u00bb#ffffff\u00bb button_border_color_hover=\u00bb#ea4951&#8243; button_bg_color_hover=\u00bb#ea4951&#8243; button_text_size__hover_enabled=\u00bboff\u00bb button_one_text_size__hover_enabled=\u00bboff\u00bb button_two_text_size__hover_enabled=\u00bboff\u00bb button_text_color__hover_enabled=\u00bbon\u00bb button_text_color__hover=\u00bb#ffffff\u00bb button_one_text_color__hover_enabled=\u00bboff\u00bb button_two_text_color__hover_enabled=\u00bboff\u00bb button_border_width__hover_enabled=\u00bboff\u00bb button_one_border_width__hover_enabled=\u00bboff\u00bb button_two_border_width__hover_enabled=\u00bboff\u00bb button_border_color__hover_enabled=\u00bbon\u00bb button_border_color__hover=\u00bb#ea4951&#8243; button_one_border_color__hover_enabled=\u00bboff\u00bb button_two_border_color__hover_enabled=\u00bboff\u00bb button_border_radius__hover_enabled=\u00bboff\u00bb button_one_border_radius__hover_enabled=\u00bboff\u00bb button_two_border_radius__hover_enabled=\u00bboff\u00bb button_letter_spacing__hover_enabled=\u00bboff\u00bb button_one_letter_spacing__hover_enabled=\u00bboff\u00bb button_two_letter_spacing__hover_enabled=\u00bboff\u00bb button_bg_color__hover_enabled=\u00bbon\u00bb button_bg_color__hover=\u00bb#ea4951&#8243; button_one_bg_color__hover_enabled=\u00bboff\u00bb button_two_bg_color__hover_enabled=\u00bboff\u00bb sticky_enabled=\u00bb0&#8243;][\/et_pb_button][et_pb_text admin_label=\u00bbHighlights\u00bb module_class=\u00bbhighlights\u00bb _builder_version=\u00bb4.9.4&#8243; background_size=\u00bbinitial\u00bb background_position=\u00bbtop_left\u00bb background_repeat=\u00bbrepeat\u00bb module_alignment=\u00bbleft\u00bb hover_enabled=\u00bb0&#8243; sticky_enabled=\u00bb0&#8243;]<\/p>\n<h3>Viola<\/h3>\n<h3>Viola solista de la Orquesta de la Comunidad Valenciana (OCV)\u00a0<\/h3>\n<h3>AIMS Academia O4-16\/O8\/2O22<\/h3>\n<p>[\/et_pb_text][\/et_pb_column][\/et_pb_row][et_pb_row _builder_version=\u00bb4.4.9&#8243;][et_pb_column type=\u00bb4_4&#8243; _builder_version=\u00bb4.4.9&#8243;][et_pb_text _builder_version=\u00bb4.9.4&#8243;]<\/p>\n<ul>\n<li>Clases magistrales individuales para viola<\/li>\n<li>Entrenamiento de audici\u00f3n<\/li>\n<li>Oportunidades para actuar en el escenario como solista o en grupos de c\u00e1mara<\/li>\n<li>Alumnos seleccionados experimentar\u00e1n la Orquesta del Festival\u00a0<\/li>\n<\/ul>\n<p>[\/et_pb_text][et_pb_text admin_label=\u00bbTexto\u00bb _builder_version=\u00bb4.9.4&#8243; background_size=\u00bbinitial\u00bb background_position=\u00bbtop_left\u00bb background_repeat=\u00bbrepeat\u00bb module_alignment=\u00bbleft\u00bb hover_enabled=\u00bb0&#8243; sticky_enabled=\u00bb0&#8243;]<\/p>\n<p>Nacido en Ucraina, Andriy Viytovych recibi\u00f3 su formaci\u00f3n musical en el Conservatorio de Lviv, Ucraina, y en la Academia Internacional de Musica \u00abJehudi Menuhin\u00bb en Suiza. Sus principales profesores fueron Alberto Lysy y Johannes Eskaer con quienes tambi\u00e9n colabor\u00f3 como int\u00e9rprete en numerosos conciertos y grabaciones. Con la \u00abCamerata Lysy\u00bb actu\u00f3 en conciertos en Suiza, Alemania, Italia, Espa\u00f1a, Ucraina, Francia y Argentina. En 1996, Andriy Viytovych se traslad\u00f3 a Londres incorpor\u00e1ndose a la Orquesta Sinf\u00f3nica de Londres como solista de viola. Tambi\u00e9n colabor\u00f3 como viola solista con la Orquesta Sinf\u00f3nica de la BBC, la Orquesta de C\u00e1mara de Escocia, y la Sinfonietta de Londres. Toc\u00f3 bajo las batutas de Rostropovich, Pierre Boulez, Sir Colin Davis, Bernard Haitink, Sir Georg Solti entre otros.<\/p>\n<p>El entusiasmo por la m\u00fasica de c\u00e1mara llev\u00f3 a Andriy Viytovych a formar parte de numerosas formaciones de este g\u00e9nero entre ellas la Camerta Lysy, London Symphony Orchestra Chamber Players, Razumovsky Ensemble y los Solistas de Covent Garden.<\/p>\n<p>En en a\u00f1o 2000 Andriy Viytovych gan\u00f3 las oposiciones por la plaza de primer solista de la Orquesta de la Opera Real Covent Garden de Londres. Andriy Viytovych era profesor de grado superior del Royal College de Londres.<\/p>\n<p>Desde 2020 est\u00e1 activo como int\u00e9rprete en Valencia, en la Orquesta de la Comunidad Valenciana (OCV) como viola solista.<\/p>\n<p>[\/et_pb_text][\/et_pb_column][\/et_pb_row][\/et_pb_section]<\/p>\n","protected":false},"excerpt":{"rendered":"<p>Viola Viola solista de la Orquesta de la Comunidad Valenciana (OCV)\u00a0 AIMS Academia O4-16\/O8\/2O22 Clases magistrales individuales para viola Entrenamiento de audici\u00f3n Oportunidades para actuar en el escenario como solista [&hellip;]<\/p>\n","protected":false},"author":2,"featured_media":0,"parent":1464,"menu_order":0,"comment_status":"closed","ping_status":"closed","template":"","meta":{"_acf_changed":false,"_et_pb_use_builder":"on","_et_pb_old_content":"","_et_gb_content_width":"","footnotes":"","_links_to":"","_links_to_target":""},"class_list":["post-1411","page","type-page","status-publish","hentry"],"acf":[],"_links":{"self":[{"href":"https:\/\/aims.cat\/es\/wp-json\/wp\/v2\/pages\/1411","targetHints":{"allow":["GET"]}}],"collection":[{"href":"https:\/\/aims.cat\/es\/wp-json\/wp\/v2\/pages"}],"about":[{"href":"https:\/\/aims.cat\/es\/wp-json\/wp\/v2\/types\/page"}],"author":[{"embeddable":true,"href":"https:\/\/aims.cat\/es\/wp-json\/wp\/v2\/users\/2"}],"replies":[{"embeddable":true,"href":"https:\/\/aims.cat\/es\/wp-json\/wp\/v2\/comments?post=1411"}],"version-history":[{"count":4,"href":"https:\/\/aims.cat\/es\/wp-json\/wp\/v2\/pages\/1411\/revisions"}],"predecessor-version":[{"id":13017,"href":"https:\/\/aims.cat\/es\/wp-json\/wp\/v2\/pages\/1411\/revisions\/13017"}],"up":[{"embeddable":true,"href":"https:\/\/aims.cat\/es\/wp-json\/wp\/v2\/pages\/1464"}],"wp:attachment":[{"href":"https:\/\/aims.cat\/es\/wp-json\/wp\/v2\/media?parent=1411"}],"curies":[{"name":"wp","href":"https:\/\/api.w.org\/{rel}","templated":true}]}}